{"id":43751,"date":"2022-11-14T13:52:34","date_gmt":"2022-11-14T12:52:34","guid":{"rendered":"https:\/\/ervy.de\/?post_type=product&#038;p=43751"},"modified":"2025-06-26T10:33:24","modified_gmt":"2025-06-26T08:33:24","slug":"blauer-turnanzug-minna-1-mit-tuell-gefuettert-3-4-arm-strass","status":"publish","type":"product","link":"https:\/\/ervy.ch\/en\/product\/blauer-turnanzug-minna-1-mit-tuell-gefuettert-3-4-arm-strass\/","title":{"rendered":"Blauer Turnanzug MINNA\/1 mit T\u00fcll"},"content":{"rendered":"<p style=\"padding-left: 40px;\"><strong>Passform<\/strong><strong><br \/>\nModelgr\u00f6\u00dfe: <\/strong>Unser Model ist 167 cm gro\u00df und tr\u00e4gt Gr\u00f6\u00dfe 34<br \/>\n<strong>Brustumfang:<\/strong> 83 cm<br \/>\n<strong>Taillenumfang:<\/strong> 68 cm<br \/>\n<strong>H\u00fcftumfang:<\/strong> 83 cm<\/p>\n<ul>\n<li><strong>Bezaubernder<\/strong> blauer Turnanzug MINNA\/1 mit T\u00fcll f\u00fcr<strong>\u00a0Wettkampf<\/strong> und<strong> Show-Auftritt.<\/strong><\/li>\n<li>Den Wettkampfanzug mit 3\/4-Arm kannst du in Kinder- oder Erwachsenengr\u00f6\u00dfen bestellen. Weitere Gr\u00f6\u00dfen sind auf <strong><a href=\"\/?page_id=900\">Anfrage<\/a><\/strong> und gegen Mehrpreis m\u00f6glich.<\/li>\n<li>M\u00f6chtest du den blauen Turnanzug<strong> ohne Arm, langarm,<\/strong> mit <strong><a href=\"\/?page_id=5639\">Pailletten<\/a><\/strong> oder aus anderen <strong><strong><a href=\"\/?page_id=1006\">Farben\/Stoffen<\/a><\/strong><\/strong>? Schreibe uns \u00fcber das\u00a0<strong><a href=\"\/?page_id=900\">Kontaktformular.<\/a><\/strong><\/li>\n<\/ul>\n<h3>Materialien und Farben des Wettkampfanzuges 3\/4-Arm:<\/h3>\n<table style=\"border-collapse: collapse; width: 100%; height: 77px;\">\n<tbody>\n<tr style=\"height: 67px;\">\n<td style=\"width: 33.3333%; height: 67px;\"><a href=\"\/?p=1418\"><strong>Polyamid gl\u00e4nzend:<\/strong><\/a><br \/>\n82% Polyamid<br \/>\n18% Elasthan<\/td>\n<td style=\"width: 33.3333%; height: 67px;\"><strong>Farbe C1 + Halsb\u00fcndchen (HB)<\/strong><\/td>\n<td style=\"width: 33.3333%; height: 67px;\"><strong>01U2-tinte<\/strong><\/td>\n<\/tr>\n<tr style=\"height: 67px;\">\n<td style=\"width: 33.3333%; height: 67px;\"><a href=\"\/?p=1435\"><strong>T\u00fcll elastisch:<\/strong><\/a><br \/>\n92% Polyamid<br \/>\n8% Elasthan<\/td>\n<td style=\"width: 33.3333%; height: 67px;\"><strong>Farbe C2<\/strong><\/td>\n<td style=\"width: 33.3333%; height: 67px;\"><strong>02U2-tinte<\/strong><\/td>\n<\/tr>\n<tr style=\"height: 67px;\">\n<td style=\"width: 33.3333%; height: 67px;\"><a href=\"\/?p=3192\"><strong>Lack Shine:<\/strong><\/a><br \/>\n82% Polyamid<br \/>\n18% Elasthan<\/td>\n<td style=\"width: 33.3333%; height: 67px;\"><strong>Farbe C3<\/strong><\/td>\n<td style=\"width: 33.3333%; height: 67px;\"><strong>16U2-tinte<\/strong><\/td>\n<\/tr>\n<tr style=\"height: 67px;\">\n<td style=\"width: 33.3333%; height: 67px;\">F\u00fctterung <a href=\"\/?p=1418\"><strong>Mikrofaser:<\/strong><\/a><br \/>\n90% Polyamid<br \/>\n10% Elasthan<\/td>\n<td style=\"width: 33.3333%; height: 67px;\"><strong>Farbe C4<\/strong><\/td>\n<td style=\"width: 33.3333%; height: 67px;\"><strong>03G2-haut<\/strong><\/td>\n<\/tr>\n<\/tbody>\n<\/table>\n","protected":false},"excerpt":{"rendered":"<p>Bezaubernder Turnanzug MINNA\/1 mit V-Hals vorne und tiefem Rundhals hinten. Mit diesem Wettkampfanzug gl\u00e4nzt du an deinem wichtigen Wettkampf. Das Dress mit 3\/4-Arm ist mit einem <strong>feinen Netzstoff<\/strong> an den \u00c4rmeln besetzt, die <strong>bequem<\/strong> und<strong> elegant<\/strong> sind. Der <strong>elastische Netzstoff<\/strong>\u00a0im Oberteil ist mit einem <strong>atmungsaktiven<\/strong> Material <strong>gef\u00fcttert.\u00a0<\/strong><\/p>\n<p>Die<strong> glitzernden Steine <\/strong>auf dem Turnanzug erinnern an einem\u00a0<strong>magischen Sternenhimmel, <\/strong>die ein <strong>echter Blickfang<\/strong> sind. Strasssteine im Vorderteil unten (B727), Vorderteil oben (B728), R\u00fcckenteil (B729) und an den \u00c4rmeln (B730).<\/p>\n<p>Dieses Produkt wird in deiner <strong>Wunschgr\u00f6\u00dfe<\/strong> und deiner <strong>Zusammenstellung<\/strong> eigens f\u00fcr dich angefertigt. Es handelt sich somit um eine <strong>Sonderanfertigung<\/strong>, welche von <strong>R\u00fcckgabe <\/strong>und <strong>Umtausch ausgeschlossen<\/strong>\u00a0ist.<\/p>\n","protected":false},"featured_media":43770,"template":"","meta":[],"product_brand":[],"product_cat":[1104,777,1698,90],"product_tag":[1313,367,1378,945,1100,515,514,1235,1485,364,938,1407,1058,1409,1448,1057,940,1578,934,1410,520,512],"class_list":{"0":"post-43751","1":"product","2":"type-product","3":"status-publish","4":"has-post-thumbnail","6":"product_cat-masters-edition-2022-23","7":"product_cat-shop","8":"product_cat-lagerartikel","9":"product_cat-turnanzuege-fuer-training-und-wettkampf","10":"product_tag-blauer-turnanzug","11":"product_tag-gymnastics","12":"product_tag-gymnastics-kleidung","13":"product_tag-gymnastics-leotard","14":"product_tag-gymnastikdragt","15":"product_tag-justaucorps","16":"product_tag-leotard","17":"product_tag-leotard-for-girls","18":"product_tag-lycra-leotard","19":"product_tag-turnanzug","20":"product_tag-turnanzug-3-4-arm","21":"product_tag-turnanzug-blau","22":"product_tag-turnanzug-damen","23":"product_tag-turnanzug-frauen","24":"product_tag-turnanzug-kinder","25":"product_tag-turnanzug-maedchen","26":"product_tag-turnanzug-ohne-arm","27":"product_tag-turnbekleidung-maedchen","28":"product_tag-turnbody","29":"product_tag-turnoutfit","30":"product_tag-turnpakje","31":"product_tag-wettkampfanzug","32":"pa_armlaenge-3-4-arm","33":"pa_farbe-tinte","34":"pa_groesse-786","35":"pa_groesse-787","36":"pa_groesse-788","37":"pa_groesse-789","38":"pa_groesse-790","39":"pa_groesse-791","40":"pa_groesse-792","41":"pa_groesse-793","42":"pa_groesse-794","43":"pa_groesse-795","44":"pa_groesse-796","45":"pa_groesse-797","46":"pa_groesse-798","47":"pa_groesse-799","48":"pa_grundfarbe-lila","49":"pa_grundfarbe-schwarz","50":"pa_halsformen-v-ausschnitt","51":"pa_material-lack-shine","52":"pa_material-mikrofaser","53":"pa_material-polyamid-glaenzend","54":"pa_material-tuell-elastisch","55":"pa_produktart-turnanzug","56":"pa_veredelung-strass","57":"pa_weitere-ausfuehrung-mit-futterstoff","59":"first","60":"onbackorder","61":"taxable","62":"shipping-taxable","63":"purchasable","64":"product-type-variable"},"yoast_head":"<!-- This site is optimized with the Yoast SEO Premium plugin v27.3 (Yoast SEO v27.4) - https:\/\/yoast.com\/product\/yoast-seo-premium-wordpress\/ -->\n<title>Blauer Turnanzug MINNA\/1 mit T\u00fcll - Turnanz\u00fcge Made in Germany<\/title>\n<meta name=\"description\" content=\"Blauer Turnanzug MINNA\/1 mit T\u00fcll. Wettkampfanzug mit 3\/4 mit Glitzer f\u00fcr M\u00e4dchen und Damen. Auch mit weniger Strass. Nachhaltig produziert in Deutschland.\" \/>\n<meta name=\"robots\" content=\"index, follow, max-snippet:-1, max-image-preview:large, max-video-preview:-1\" \/>\n<link rel=\"canonical\" href=\"https:\/\/ervy.ch\/produkt\/blauer-turnanzug-minna-1-mit-tuell-gefuettert-3-4-arm-strass\/\" \/>\n<meta property=\"og:locale\" content=\"en_US\" \/>\n<meta property=\"og:type\" content=\"article\" \/>\n<meta property=\"og:title\" content=\"Blauer Turnanzug MINNA\/1 mit T\u00fcll\" \/>\n<meta property=\"og:description\" content=\"Blauer Turnanzug MINNA\/1 mit T\u00fcll. Wettkampfanzug mit 3\/4 mit Glitzer f\u00fcr M\u00e4dchen und Damen. Auch mit weniger Strass. Nachhaltig produziert in Deutschland.\" \/>\n<meta property=\"og:url\" content=\"https:\/\/ervy.ch\/produkt\/blauer-turnanzug-minna-1-mit-tuell-gefuettert-3-4-arm-strass\/\" \/>\n<meta property=\"og:site_name\" content=\"Turnanz\u00fcge Made in Germany\" \/>\n<meta property=\"article:publisher\" content=\"https:\/\/www.facebook.com\/ERVYSportsFashion\" \/>\n<meta property=\"article:modified_time\" content=\"2025-06-26T08:33:24+00:00\" \/>\n<meta property=\"og:image\" content=\"https:\/\/ervy.ch\/wp-content\/uploads\/2022\/11\/ERVY_Turnanzug_Leotard_Gymnastics_MINNA_11957-09_1_VT_grau.jpg\" \/>\n\t<meta property=\"og:image:width\" content=\"700\" \/>\n\t<meta property=\"og:image:height\" content=\"1000\" \/>\n\t<meta property=\"og:image:type\" content=\"image\/jpeg\" \/>\n<meta name=\"twitter:card\" content=\"summary_large_image\" \/>\n<meta name=\"twitter:label1\" content=\"Availability\" \/>\n\t<meta name=\"twitter:data1\" content=\"On backorder\" \/>\n<script type=\"application\/ld+json\" class=\"yoast-schema-graph\">{\"@context\":\"https:\\\/\\\/schema.org\",\"@graph\":[{\"@type\":\"WebPage\",\"@id\":\"https:\\\/\\\/ervy.ch\\\/produkt\\\/blauer-turnanzug-minna-1-mit-tuell-gefuettert-3-4-arm-strass\\\/\",\"url\":\"https:\\\/\\\/ervy.ch\\\/produkt\\\/blauer-turnanzug-minna-1-mit-tuell-gefuettert-3-4-arm-strass\\\/\",\"name\":\"Blauer Turnanzug MINNA\\\/1 mit T\u00fcll - Turnanz\u00fcge Made in Germany\",\"isPartOf\":{\"@id\":\"https:\\\/\\\/ervy.ch\\\/#website\"},\"primaryImageOfPage\":{\"@id\":\"https:\\\/\\\/ervy.ch\\\/produkt\\\/blauer-turnanzug-minna-1-mit-tuell-gefuettert-3-4-arm-strass\\\/#primaryimage\"},\"image\":{\"@id\":\"https:\\\/\\\/ervy.ch\\\/produkt\\\/blauer-turnanzug-minna-1-mit-tuell-gefuettert-3-4-arm-strass\\\/#primaryimage\"},\"thumbnailUrl\":\"https:\\\/\\\/ervy.ch\\\/wp-content\\\/uploads\\\/2022\\\/11\\\/ERVY_Turnanzug_Leotard_Gymnastics_MINNA_11957-09_1_VT_grau.jpg\",\"datePublished\":\"2022-11-14T12:52:34+00:00\",\"dateModified\":\"2025-06-26T08:33:24+00:00\",\"description\":\"Blauer Turnanzug MINNA\\\/1 mit T\u00fcll. Wettkampfanzug mit 3\\\/4 mit Glitzer f\u00fcr M\u00e4dchen und Damen. Auch mit weniger Strass. Nachhaltig produziert in Deutschland.\",\"breadcrumb\":{\"@id\":\"https:\\\/\\\/ervy.ch\\\/produkt\\\/blauer-turnanzug-minna-1-mit-tuell-gefuettert-3-4-arm-strass\\\/#breadcrumb\"},\"inLanguage\":\"en-US\",\"potentialAction\":[{\"@type\":\"ReadAction\",\"target\":[\"https:\\\/\\\/ervy.ch\\\/produkt\\\/blauer-turnanzug-minna-1-mit-tuell-gefuettert-3-4-arm-strass\\\/\"]}]},{\"@type\":\"ImageObject\",\"inLanguage\":\"en-US\",\"@id\":\"https:\\\/\\\/ervy.ch\\\/produkt\\\/blauer-turnanzug-minna-1-mit-tuell-gefuettert-3-4-arm-strass\\\/#primaryimage\",\"url\":\"https:\\\/\\\/ervy.ch\\\/wp-content\\\/uploads\\\/2022\\\/11\\\/ERVY_Turnanzug_Leotard_Gymnastics_MINNA_11957-09_1_VT_grau.jpg\",\"contentUrl\":\"https:\\\/\\\/ervy.ch\\\/wp-content\\\/uploads\\\/2022\\\/11\\\/ERVY_Turnanzug_Leotard_Gymnastics_MINNA_11957-09_1_VT_grau.jpg\",\"width\":700,\"height\":1000,\"caption\":\"ERVY blauer Turnanzug MINNA\\\/1 mit elastischem Netzstoff an der Taille, Oberteil gef\u00fcttert und \u00c4rmel. M\u00e4dchen Turnanzug 3\\\/4-Arm mit Strass.\"},{\"@type\":\"BreadcrumbList\",\"@id\":\"https:\\\/\\\/ervy.ch\\\/produkt\\\/blauer-turnanzug-minna-1-mit-tuell-gefuettert-3-4-arm-strass\\\/#breadcrumb\",\"itemListElement\":[{\"@type\":\"ListItem\",\"position\":1,\"name\":\"Startseite\",\"item\":\"https:\\\/\\\/ervy.ch\\\/\"},{\"@type\":\"ListItem\",\"position\":2,\"name\":\"Shop\",\"item\":\"https:\\\/\\\/ervy.ch\\\/shop\\\/\"},{\"@type\":\"ListItem\",\"position\":3,\"name\":\"Blauer Turnanzug MINNA\\\/1 mit T\u00fcll\"}]},{\"@type\":\"WebSite\",\"@id\":\"https:\\\/\\\/ervy.ch\\\/#website\",\"url\":\"https:\\\/\\\/ervy.ch\\\/\",\"name\":\"Turnanz\u00fcge Made in Germany\",\"description\":\"ERVY Schweiz-Vertretung\",\"publisher\":{\"@id\":\"https:\\\/\\\/ervy.ch\\\/#organization\"},\"potentialAction\":[{\"@type\":\"SearchAction\",\"target\":{\"@type\":\"EntryPoint\",\"urlTemplate\":\"https:\\\/\\\/ervy.ch\\\/?s={search_term_string}\"},\"query-input\":{\"@type\":\"PropertyValueSpecification\",\"valueRequired\":true,\"valueName\":\"search_term_string\"}}],\"inLanguage\":\"en-US\"},{\"@type\":\"Organization\",\"@id\":\"https:\\\/\\\/ervy.ch\\\/#organization\",\"name\":\"ERVY Sports Fashion GmbH\",\"url\":\"https:\\\/\\\/ervy.ch\\\/\",\"logo\":{\"@type\":\"ImageObject\",\"inLanguage\":\"en-US\",\"@id\":\"https:\\\/\\\/ervy.ch\\\/#\\\/schema\\\/logo\\\/image\\\/\",\"url\":\"https:\\\/\\\/ervy.ch\\\/wp-content\\\/uploads\\\/2021\\\/03\\\/cropped-ERVY-Logo_JUST-SPORTS_Hintergrund_300x300.png\",\"contentUrl\":\"https:\\\/\\\/ervy.ch\\\/wp-content\\\/uploads\\\/2021\\\/03\\\/cropped-ERVY-Logo_JUST-SPORTS_Hintergrund_300x300.png\",\"width\":512,\"height\":512,\"caption\":\"ERVY Sports Fashion GmbH\"},\"image\":{\"@id\":\"https:\\\/\\\/ervy.ch\\\/#\\\/schema\\\/logo\\\/image\\\/\"},\"sameAs\":[\"https:\\\/\\\/www.facebook.com\\\/ERVYSportsFashion\",\"https:\\\/\\\/www.instagram.com\\\/ervy_sports_fashion\\\/?hl=de\",\"https:\\\/\\\/www.pinterest.de\\\/ervysportsfashion\\\/\",\"https:\\\/\\\/www.youtube.com\\\/channel\\\/UCwzRAG_B8mAIfVPXGwfdYhA\",\"https:\\\/\\\/www.tiktok.com\\\/@ervysports\"]}]}<\/script>\n<meta property=\"og:availability\" content=\"backorder\" \/>\n<meta property=\"product:availability\" content=\"available for order\" \/>\n<meta property=\"product:retailer_item_id\" content=\"11957.09\/1\" \/>\n<meta property=\"product:condition\" content=\"new\" \/>\n<!-- \/ Yoast SEO Premium plugin. -->","yoast_head_json":{"title":"Blauer Turnanzug MINNA\/1 mit T\u00fcll - Turnanz\u00fcge Made in Germany","description":"Blauer Turnanzug MINNA\/1 mit T\u00fcll. Wettkampfanzug mit 3\/4 mit Glitzer f\u00fcr M\u00e4dchen und Damen. Auch mit weniger Strass. Nachhaltig produziert in Deutschland.","robots":{"index":"index","follow":"follow","max-snippet":"max-snippet:-1","max-image-preview":"max-image-preview:large","max-video-preview":"max-video-preview:-1"},"canonical":"https:\/\/ervy.ch\/produkt\/blauer-turnanzug-minna-1-mit-tuell-gefuettert-3-4-arm-strass\/","og_locale":"en_US","og_type":"article","og_title":"Blauer Turnanzug MINNA\/1 mit T\u00fcll","og_description":"Blauer Turnanzug MINNA\/1 mit T\u00fcll. Wettkampfanzug mit 3\/4 mit Glitzer f\u00fcr M\u00e4dchen und Damen. Auch mit weniger Strass. Nachhaltig produziert in Deutschland.","og_url":"https:\/\/ervy.ch\/produkt\/blauer-turnanzug-minna-1-mit-tuell-gefuettert-3-4-arm-strass\/","og_site_name":"Turnanz\u00fcge Made in Germany","article_publisher":"https:\/\/www.facebook.com\/ERVYSportsFashion","article_modified_time":"2025-06-26T08:33:24+00:00","og_image":[{"width":700,"height":1000,"url":"https:\/\/ervy.ch\/wp-content\/uploads\/2022\/11\/ERVY_Turnanzug_Leotard_Gymnastics_MINNA_11957-09_1_VT_grau.jpg","type":"image\/jpeg"}],"twitter_card":"summary_large_image","twitter_misc":{"Availability":"On backorder"},"schema":{"@context":"https:\/\/schema.org","@graph":[{"@type":"WebPage","@id":"https:\/\/ervy.ch\/produkt\/blauer-turnanzug-minna-1-mit-tuell-gefuettert-3-4-arm-strass\/","url":"https:\/\/ervy.ch\/produkt\/blauer-turnanzug-minna-1-mit-tuell-gefuettert-3-4-arm-strass\/","name":"Blauer Turnanzug MINNA\/1 mit T\u00fcll - Turnanz\u00fcge Made in Germany","isPartOf":{"@id":"https:\/\/ervy.ch\/#website"},"primaryImageOfPage":{"@id":"https:\/\/ervy.ch\/produkt\/blauer-turnanzug-minna-1-mit-tuell-gefuettert-3-4-arm-strass\/#primaryimage"},"image":{"@id":"https:\/\/ervy.ch\/produkt\/blauer-turnanzug-minna-1-mit-tuell-gefuettert-3-4-arm-strass\/#primaryimage"},"thumbnailUrl":"https:\/\/ervy.ch\/wp-content\/uploads\/2022\/11\/ERVY_Turnanzug_Leotard_Gymnastics_MINNA_11957-09_1_VT_grau.jpg","datePublished":"2022-11-14T12:52:34+00:00","dateModified":"2025-06-26T08:33:24+00:00","description":"Blauer Turnanzug MINNA\/1 mit T\u00fcll. Wettkampfanzug mit 3\/4 mit Glitzer f\u00fcr M\u00e4dchen und Damen. Auch mit weniger Strass. Nachhaltig produziert in Deutschland.","breadcrumb":{"@id":"https:\/\/ervy.ch\/produkt\/blauer-turnanzug-minna-1-mit-tuell-gefuettert-3-4-arm-strass\/#breadcrumb"},"inLanguage":"en-US","potentialAction":[{"@type":"ReadAction","target":["https:\/\/ervy.ch\/produkt\/blauer-turnanzug-minna-1-mit-tuell-gefuettert-3-4-arm-strass\/"]}]},{"@type":"ImageObject","inLanguage":"en-US","@id":"https:\/\/ervy.ch\/produkt\/blauer-turnanzug-minna-1-mit-tuell-gefuettert-3-4-arm-strass\/#primaryimage","url":"https:\/\/ervy.ch\/wp-content\/uploads\/2022\/11\/ERVY_Turnanzug_Leotard_Gymnastics_MINNA_11957-09_1_VT_grau.jpg","contentUrl":"https:\/\/ervy.ch\/wp-content\/uploads\/2022\/11\/ERVY_Turnanzug_Leotard_Gymnastics_MINNA_11957-09_1_VT_grau.jpg","width":700,"height":1000,"caption":"ERVY blauer Turnanzug MINNA\/1 mit elastischem Netzstoff an der Taille, Oberteil gef\u00fcttert und \u00c4rmel. M\u00e4dchen Turnanzug 3\/4-Arm mit Strass."},{"@type":"BreadcrumbList","@id":"https:\/\/ervy.ch\/produkt\/blauer-turnanzug-minna-1-mit-tuell-gefuettert-3-4-arm-strass\/#breadcrumb","itemListElement":[{"@type":"ListItem","position":1,"name":"Startseite","item":"https:\/\/ervy.ch\/"},{"@type":"ListItem","position":2,"name":"Shop","item":"https:\/\/ervy.ch\/shop\/"},{"@type":"ListItem","position":3,"name":"Blauer Turnanzug MINNA\/1 mit T\u00fcll"}]},{"@type":"WebSite","@id":"https:\/\/ervy.ch\/#website","url":"https:\/\/ervy.ch\/","name":"Turnanz\u00fcge Made in Germany","description":"ERVY Schweiz-Vertretung","publisher":{"@id":"https:\/\/ervy.ch\/#organization"},"potentialAction":[{"@type":"SearchAction","target":{"@type":"EntryPoint","urlTemplate":"https:\/\/ervy.ch\/?s={search_term_string}"},"query-input":{"@type":"PropertyValueSpecification","valueRequired":true,"valueName":"search_term_string"}}],"inLanguage":"en-US"},{"@type":"Organization","@id":"https:\/\/ervy.ch\/#organization","name":"ERVY Sports Fashion GmbH","url":"https:\/\/ervy.ch\/","logo":{"@type":"ImageObject","inLanguage":"en-US","@id":"https:\/\/ervy.ch\/#\/schema\/logo\/image\/","url":"https:\/\/ervy.ch\/wp-content\/uploads\/2021\/03\/cropped-ERVY-Logo_JUST-SPORTS_Hintergrund_300x300.png","contentUrl":"https:\/\/ervy.ch\/wp-content\/uploads\/2021\/03\/cropped-ERVY-Logo_JUST-SPORTS_Hintergrund_300x300.png","width":512,"height":512,"caption":"ERVY Sports Fashion GmbH"},"image":{"@id":"https:\/\/ervy.ch\/#\/schema\/logo\/image\/"},"sameAs":["https:\/\/www.facebook.com\/ERVYSportsFashion","https:\/\/www.instagram.com\/ervy_sports_fashion\/?hl=de","https:\/\/www.pinterest.de\/ervysportsfashion\/","https:\/\/www.youtube.com\/channel\/UCwzRAG_B8mAIfVPXGwfdYhA","https:\/\/www.tiktok.com\/@ervysports"]}]},"og_availability":"backorder","product_availability":"available for order","product_retailer_item_id":"11957.09\/1","product_condition":"new"},"_links":{"self":[{"href":"https:\/\/ervy.ch\/en\/wp-json\/wp\/v2\/product\/43751","targetHints":{"allow":["GET"]}}],"collection":[{"href":"https:\/\/ervy.ch\/en\/wp-json\/wp\/v2\/product"}],"about":[{"href":"https:\/\/ervy.ch\/en\/wp-json\/wp\/v2\/types\/product"}],"wp:featuredmedia":[{"embeddable":true,"href":"https:\/\/ervy.ch\/en\/wp-json\/wp\/v2\/media\/43770"}],"wp:attachment":[{"href":"https:\/\/ervy.ch\/en\/wp-json\/wp\/v2\/media?parent=43751"}],"wp:term":[{"taxonomy":"product_brand","embeddable":true,"href":"https:\/\/ervy.ch\/en\/wp-json\/wp\/v2\/product_brand?post=43751"},{"taxonomy":"product_cat","embeddable":true,"href":"https:\/\/ervy.ch\/en\/wp-json\/wp\/v2\/product_cat?post=43751"},{"taxonomy":"product_tag","embeddable":true,"href":"https:\/\/ervy.ch\/en\/wp-json\/wp\/v2\/product_tag?post=43751"}],"curies":[{"name":"wp","href":"https:\/\/api.w.org\/{rel}","templated":true}]}}