{"id":28210,"date":"2021-11-18T09:55:51","date_gmt":"2021-11-18T08:55:51","guid":{"rendered":"https:\/\/ervy.de\/?post_type=product&#038;p=28210"},"modified":"2025-07-01T08:36:21","modified_gmt":"2025-07-01T06:36:21","slug":"blauer-wettkampfanzug-variana-2-florales-design-print","status":"publish","type":"product","link":"https:\/\/ervy.ch\/en\/product\/blauer-wettkampfanzug-variana-2-florales-design-print\/","title":{"rendered":"Wettkampfanzug VARIANA\/2"},"content":{"rendered":"<p style=\"padding-left: 40px;\"><strong>Passform<\/strong><b><br \/>\n<strong>Modelgr\u00f6\u00dfe: <\/strong><\/b>Unser Model ist 167 cm gro\u00df und tr\u00e4gt Gr\u00f6\u00dfe 34<br \/>\n<strong>Brustumfang:<\/strong> 83 cm<br \/>\n<strong>Taillenumfang:<\/strong> 68 cm<br \/>\n<strong>H\u00fcftumfang:<\/strong> 83 cm<\/p>\n<ul>\n<li>Der bezaubernde Turnanzug VARIANA\/2 mit einem floralem Printdesign und Strasssteinen l\u00e4sst dich bei jedem Auftritt und Wettkampf strahlen.<\/li>\n<li>Den Wettkampfanzug VARIANA\/2 kannst du in Kinder- oder Erwachsenengr\u00f6\u00dfen bestellen. Weitere Gr\u00f6\u00dfen sind auf <a href=\"\/?page_id=900\">Anfrage<\/a> und gegen Mehrpreis m\u00f6glich.<\/li>\n<li>M\u00f6chtest du den Turnanzug ohne Arm oder mit langen Armen? Kein Problem! <a href=\"\/?page_id=900\">Schreib uns!<\/a><\/li>\n<li>Selbstverst\u00e4ndlich kannst Du den Turnanzug VARIANA\/2 jederzeit personalisieren. W\u00e4hle hierzu Deine Wunschmaterialien und Farben aus dem breiten <a href=\"\/?page_id=1006\">Stoffsortiment<\/a>. Dar\u00fcber hinaus kannst Du den Turnanzug auf Wunsch auch mit <a href=\"https:\/\/ervy.ch\/strass-pailletten-druck\/\">Strass <\/a>anstelle von Pailletten bestellen. Personalisierungen kannst Du \u00fcber unseren <a href=\"https:\/\/ervy.ch\/heaendlersuche\/\">Fachhandel<\/a>\u00a0vornehmen.<\/li>\n<\/ul>\n<h3><\/h3>\n<table style=\"height: 263px; width: 99.2077%; border-collapse: collapse;\">\n<tbody>\n<tr style=\"height: 91px;\">\n<td style=\"width: 23.1202%; height: 10px;\"><strong><span style=\"font-size: 18px;\">Materialien und Farben:<\/span><\/strong><\/td>\n<td style=\"width: 23.0726%; height: 10px;\"><strong>\u00a0<\/strong><\/td>\n<td style=\"width: 23.1065%; height: 10px;\"><strong>\u00a0<\/strong><\/td>\n<td style=\"width: 55.27%; height: 263px;\" rowspan=\"5\">\n<p style=\"text-align: center;\"><strong><span style=\"font-size: 18px;\">Farbkennzeichnung<\/span><\/strong><\/p>\n<figure id=\"attachment_38067\" aria-describedby=\"caption-attachment-38067\" style=\"width: 294px\" class=\"wp-caption aligncenter\"><img fetchpriority=\"high\" decoding=\"async\" class=\"wp-image-38067 \" src=\"https:\/\/ervy.ch\/wp-content\/uploads\/2021\/11\/ERVY_VARIANA_11953-09_2_Stoffe_Farben-1-210x300.jpg\" alt=\"ERVY Farbkennzeichnung Turnanzug in blau-wei\u00df, 3\/4 Arm mit Blumenmuster\" width=\"294\" height=\"420\" \/><figcaption id=\"caption-attachment-38067\" class=\"wp-caption-text\">ERVY Farbkennzeichnung Leotard in blau-wei\u00df, 3\/4 Arm mit Blumenmuster<\/figcaption><\/figure>\n<p>&nbsp;<\/td>\n<\/tr>\n<tr style=\"height: 10px;\">\n<td style=\"width: 23.1202%; height: 53px;\"><a href=\"\/?p=3192\"><strong>Lack Shine:<\/strong><\/a><br \/>\n82% Polyamid<br \/>\n18% Elasthan<\/td>\n<td style=\"width: 23.0726%; height: 53px;\"><strong>Farbe C1<\/strong><\/p>\n<p><strong>Farbe C3: F\u00fctterung<\/strong><\/td>\n<td style=\"width: 23.1065%; height: 53px;\"><strong>16T9-royalblau<\/strong><\/p>\n<p><strong>16T9-royalblau<\/strong><\/td>\n<\/tr>\n<tr style=\"height: 10px;\">\n<td style=\"width: 23.1202%; height: 10px;\"><a href=\"\/?p=1435\"><strong>T\u00fcll Print:<\/strong><\/a><br \/>\n85% Polyester<br \/>\n15% Elasthan<\/td>\n<td style=\"width: 23.0726%; height: 10px;\"><strong>Farbe C2<\/strong><\/td>\n<td style=\"width: 23.1065%; height: 10px;\"><strong>51TR-variana-print-2-royalblau<\/strong><\/td>\n<\/tr>\n<tr style=\"height: 48px;\">\n<td style=\"width: 23.1202%; height: 10px;\"><strong>Igloo:<\/strong><br \/>\n87% Polyester<br \/>\n13% Elasthan<\/td>\n<td style=\"width: 23.0726%; height: 10px;\"><strong>Halsb\u00fcndchen (HB)<\/strong><\/td>\n<td style=\"width: 23.1065%; height: 10px;\"><strong>29D1-wei\u00df<\/strong><\/td>\n<\/tr>\n<tr style=\"height: 83px;\">\n<td style=\"width: 23.1202%; height: 180px;\"><strong>\u00a0<\/strong><\/td>\n<td style=\"width: 23.0726%; height: 180px;\"><\/td>\n<td style=\"width: 23.1065%; height: 180px;\"><\/td>\n<\/tr>\n<\/tbody>\n<\/table>\n","protected":false},"excerpt":{"rendered":"<p>Blauer Wettkampfanzug VARIANA\/2 mit 3\/4 langen \u00c4rmeln sowie einem in wei\u00dfer Kontrastfarbe eingefasstem Rundhals. Das Oberteil des Turndress besteht aus bedruckten T\u00fcll und ist mit blauem Lackmaterial unterlegt. Dadurch wirkt der Turnanzug VARIANA\/2 besonders <strong>glamour\u00f6s<\/strong> und <strong>elegant<\/strong>. F\u00fcr einen <strong>besonderen Effekt<\/strong> sorgen <strong>blaue Paillettenmotive<\/strong> auf der Brust (B708) und auf den \u00c4rmeln (R694) des Turnanzuges.<\/p>\n<p>Der Wettkampfanzug VARIANA\/2 ist mit einem floralen Muster bedruckt und verspr\u00fcht einen <strong>sommerlichen Charme<\/strong>. Dank seines <strong>originellen Designs,<\/strong> ist er ein <strong>modischer Eyecatcher<\/strong> bei jedem <strong>Wettkampf<\/strong> und <strong>Showauftritt<\/strong>.<\/p>\n<p>Dieses Produkt wird in deiner <strong>Wunschgr\u00f6\u00dfe<\/strong> und deiner <strong>Zusammenstellung<\/strong> eigens f\u00fcr dich angefertigt. Es handelt sich somit um eine <strong>Sonderanfertigung<\/strong>, welche von <strong>R\u00fcckgabe <\/strong>und <strong>Umtausch ausgeschlossen<\/strong> ist.<\/p>\n","protected":false},"featured_media":28206,"template":"redux-templates_canvas","meta":[],"product_brand":[],"product_cat":[131,132,777,1698,86,90,85],"product_tag":[945,515,1080,514,364,938,1058,943,520,512],"class_list":{"0":"post-28210","1":"product","2":"type-product","3":"status-publish","4":"has-post-thumbnail","6":"product_cat-aerobic-step","7":"product_cat-akrobatik","8":"product_cat-shop","9":"product_cat-lagerartikel","10":"product_cat-trampolin","11":"product_cat-turnanzuege-fuer-training-und-wettkampf","12":"product_cat-turnbekleidung-kinder-und-erwachsene","13":"product_tag-gymnastics-leotard","14":"product_tag-justaucorps","15":"product_tag-lackanzug","16":"product_tag-leotard","17":"product_tag-turnanzug","18":"product_tag-turnanzug-3-4-arm","19":"product_tag-turnanzug-damen","20":"product_tag-turnanzung-maedchen","21":"product_tag-turnpakje","22":"product_tag-wettkampfanzug","23":"pa_armlaenge-3-4-arm","24":"pa_farbe-royalblau","25":"pa_farbe-weiss","26":"pa_groesse-786","27":"pa_groesse-787","28":"pa_groesse-788","29":"pa_groesse-789","30":"pa_groesse-790","31":"pa_groesse-791","32":"pa_groesse-792","33":"pa_groesse-793","34":"pa_groesse-794","35":"pa_groesse-795","36":"pa_groesse-796","37":"pa_groesse-797","38":"pa_groesse-798","39":"pa_groesse-799","40":"pa_grundfarbe-blau","41":"pa_halsformen-rundhalsausschnitt","42":"pa_material-igloo","43":"pa_material-lack-shine","44":"pa_material-tuell-print","45":"pa_produktart-turnanzug","46":"pa_styles-neuheiten","47":"pa_styles-print","48":"pa_veredelung-pailletten","49":"pa_veredelung-sublimation","51":"first","52":"onbackorder","53":"taxable","54":"shipping-taxable","55":"purchasable","56":"product-type-variable"},"yoast_head":"<!-- This site is optimized with the Yoast SEO Premium plugin v27.3 (Yoast SEO v27.4) - https:\/\/yoast.com\/product\/yoast-seo-premium-wordpress\/ -->\n<title>Wettkampfanzug VARIANA\/2 - Turnanz\u00fcge Made in Germany<\/title>\n<meta name=\"description\" content=\"Der blaue Wettkampfanzug VARIANA mit 3\/4 langen \u00c4rmeln und einem floralen Printdesign auf T\u00fcll ist ein modischer Eycatcher bei jedem Auftritt\" \/>\n<meta name=\"robots\" content=\"index, follow, max-snippet:-1, max-image-preview:large, max-video-preview:-1\" \/>\n<link rel=\"canonical\" href=\"https:\/\/ervy.ch\/product\/blauer-wettkampfanzug-variana-2-florales-design-print\/\" \/>\n<meta property=\"og:locale\" content=\"en_US\" \/>\n<meta property=\"og:type\" content=\"article\" \/>\n<meta property=\"og:title\" content=\"Wettkampfanzug VARIANA\/2\" \/>\n<meta property=\"og:description\" content=\"Der blaue Wettkampfanzug VARIANA mit 3\/4 langen \u00c4rmeln und einem floralen Printdesign auf T\u00fcll ist ein modischer Eycatcher bei jedem Auftritt\" \/>\n<meta property=\"og:url\" content=\"https:\/\/ervy.ch\/product\/blauer-wettkampfanzug-variana-2-florales-design-print\/\" \/>\n<meta property=\"og:site_name\" content=\"Turnanz\u00fcge Made in Germany\" \/>\n<meta property=\"article:publisher\" content=\"https:\/\/www.facebook.com\/ERVYSportsFashion\" \/>\n<meta property=\"article:modified_time\" content=\"2025-07-01T06:36:21+00:00\" \/>\n<meta property=\"og:image\" content=\"https:\/\/ervy.ch\/wp-content\/uploads\/2021\/11\/VARIANA_11953-09_2_ST.jpg\" \/>\n\t<meta property=\"og:image:width\" content=\"700\" \/>\n\t<meta property=\"og:image:height\" content=\"1000\" \/>\n\t<meta property=\"og:image:type\" content=\"image\/jpeg\" \/>\n<meta name=\"twitter:card\" content=\"summary_large_image\" \/>\n<meta name=\"twitter:label1\" content=\"Availability\" \/>\n\t<meta name=\"twitter:data1\" content=\"On backorder\" \/>\n<script type=\"application\/ld+json\" class=\"yoast-schema-graph\">{\"@context\":\"https:\\\/\\\/schema.org\",\"@graph\":[{\"@type\":\"WebPage\",\"@id\":\"https:\\\/\\\/ervy.ch\\\/product\\\/blauer-wettkampfanzug-variana-2-florales-design-print\\\/\",\"url\":\"https:\\\/\\\/ervy.ch\\\/product\\\/blauer-wettkampfanzug-variana-2-florales-design-print\\\/\",\"name\":\"Wettkampfanzug VARIANA\\\/2 - Turnanz\u00fcge Made in Germany\",\"isPartOf\":{\"@id\":\"https:\\\/\\\/ervy.ch\\\/#website\"},\"primaryImageOfPage\":{\"@id\":\"https:\\\/\\\/ervy.ch\\\/product\\\/blauer-wettkampfanzug-variana-2-florales-design-print\\\/#primaryimage\"},\"image\":{\"@id\":\"https:\\\/\\\/ervy.ch\\\/product\\\/blauer-wettkampfanzug-variana-2-florales-design-print\\\/#primaryimage\"},\"thumbnailUrl\":\"https:\\\/\\\/ervy.ch\\\/wp-content\\\/uploads\\\/2021\\\/11\\\/VARIANA_11953-09_2_ST.jpg\",\"datePublished\":\"2021-11-18T08:55:51+00:00\",\"dateModified\":\"2025-07-01T06:36:21+00:00\",\"description\":\"Der blaue Wettkampfanzug VARIANA mit 3\\\/4 langen \u00c4rmeln und einem floralen Printdesign auf T\u00fcll ist ein modischer Eycatcher bei jedem Auftritt\",\"breadcrumb\":{\"@id\":\"https:\\\/\\\/ervy.ch\\\/product\\\/blauer-wettkampfanzug-variana-2-florales-design-print\\\/#breadcrumb\"},\"inLanguage\":\"en-US\",\"potentialAction\":[{\"@type\":\"ReadAction\",\"target\":[\"https:\\\/\\\/ervy.ch\\\/product\\\/blauer-wettkampfanzug-variana-2-florales-design-print\\\/\"]}]},{\"@type\":\"ImageObject\",\"inLanguage\":\"en-US\",\"@id\":\"https:\\\/\\\/ervy.ch\\\/product\\\/blauer-wettkampfanzug-variana-2-florales-design-print\\\/#primaryimage\",\"url\":\"https:\\\/\\\/ervy.ch\\\/wp-content\\\/uploads\\\/2021\\\/11\\\/VARIANA_11953-09_2_ST.jpg\",\"contentUrl\":\"https:\\\/\\\/ervy.ch\\\/wp-content\\\/uploads\\\/2021\\\/11\\\/VARIANA_11953-09_2_ST.jpg\",\"width\":700,\"height\":1000,\"caption\":\"Eleganter Turnanzug 3\\\/4 Arm in gl\u00e4nzendem blau\"},{\"@type\":\"BreadcrumbList\",\"@id\":\"https:\\\/\\\/ervy.ch\\\/product\\\/blauer-wettkampfanzug-variana-2-florales-design-print\\\/#breadcrumb\",\"itemListElement\":[{\"@type\":\"ListItem\",\"position\":1,\"name\":\"Startseite\",\"item\":\"https:\\\/\\\/ervy.ch\\\/\"},{\"@type\":\"ListItem\",\"position\":2,\"name\":\"Shop\",\"item\":\"https:\\\/\\\/ervy.ch\\\/shop\\\/\"},{\"@type\":\"ListItem\",\"position\":3,\"name\":\"Wettkampfanzug VARIANA\\\/2\"}]},{\"@type\":\"WebSite\",\"@id\":\"https:\\\/\\\/ervy.ch\\\/#website\",\"url\":\"https:\\\/\\\/ervy.ch\\\/\",\"name\":\"Turnanz\u00fcge Made in Germany\",\"description\":\"ERVY Schweiz-Vertretung\",\"publisher\":{\"@id\":\"https:\\\/\\\/ervy.ch\\\/#organization\"},\"potentialAction\":[{\"@type\":\"SearchAction\",\"target\":{\"@type\":\"EntryPoint\",\"urlTemplate\":\"https:\\\/\\\/ervy.ch\\\/?s={search_term_string}\"},\"query-input\":{\"@type\":\"PropertyValueSpecification\",\"valueRequired\":true,\"valueName\":\"search_term_string\"}}],\"inLanguage\":\"en-US\"},{\"@type\":\"Organization\",\"@id\":\"https:\\\/\\\/ervy.ch\\\/#organization\",\"name\":\"ERVY Sports Fashion GmbH\",\"url\":\"https:\\\/\\\/ervy.ch\\\/\",\"logo\":{\"@type\":\"ImageObject\",\"inLanguage\":\"en-US\",\"@id\":\"https:\\\/\\\/ervy.ch\\\/#\\\/schema\\\/logo\\\/image\\\/\",\"url\":\"https:\\\/\\\/ervy.ch\\\/wp-content\\\/uploads\\\/2021\\\/03\\\/cropped-ERVY-Logo_JUST-SPORTS_Hintergrund_300x300.png\",\"contentUrl\":\"https:\\\/\\\/ervy.ch\\\/wp-content\\\/uploads\\\/2021\\\/03\\\/cropped-ERVY-Logo_JUST-SPORTS_Hintergrund_300x300.png\",\"width\":512,\"height\":512,\"caption\":\"ERVY Sports Fashion GmbH\"},\"image\":{\"@id\":\"https:\\\/\\\/ervy.ch\\\/#\\\/schema\\\/logo\\\/image\\\/\"},\"sameAs\":[\"https:\\\/\\\/www.facebook.com\\\/ERVYSportsFashion\",\"https:\\\/\\\/www.instagram.com\\\/ervy_sports_fashion\\\/?hl=de\",\"https:\\\/\\\/www.pinterest.de\\\/ervysportsfashion\\\/\",\"https:\\\/\\\/www.youtube.com\\\/channel\\\/UCwzRAG_B8mAIfVPXGwfdYhA\",\"https:\\\/\\\/www.tiktok.com\\\/@ervysports\"]}]}<\/script>\n<meta property=\"og:availability\" content=\"backorder\" \/>\n<meta property=\"product:availability\" content=\"available for order\" \/>\n<meta property=\"product:retailer_item_id\" content=\"11953.09\/2\" \/>\n<meta property=\"product:condition\" content=\"new\" \/>\n<!-- \/ Yoast SEO Premium plugin. -->","yoast_head_json":{"title":"Wettkampfanzug VARIANA\/2 - Turnanz\u00fcge Made in Germany","description":"Der blaue Wettkampfanzug VARIANA mit 3\/4 langen \u00c4rmeln und einem floralen Printdesign auf T\u00fcll ist ein modischer Eycatcher bei jedem Auftritt","robots":{"index":"index","follow":"follow","max-snippet":"max-snippet:-1","max-image-preview":"max-image-preview:large","max-video-preview":"max-video-preview:-1"},"canonical":"https:\/\/ervy.ch\/product\/blauer-wettkampfanzug-variana-2-florales-design-print\/","og_locale":"en_US","og_type":"article","og_title":"Wettkampfanzug VARIANA\/2","og_description":"Der blaue Wettkampfanzug VARIANA mit 3\/4 langen \u00c4rmeln und einem floralen Printdesign auf T\u00fcll ist ein modischer Eycatcher bei jedem Auftritt","og_url":"https:\/\/ervy.ch\/product\/blauer-wettkampfanzug-variana-2-florales-design-print\/","og_site_name":"Turnanz\u00fcge Made in Germany","article_publisher":"https:\/\/www.facebook.com\/ERVYSportsFashion","article_modified_time":"2025-07-01T06:36:21+00:00","og_image":[{"width":700,"height":1000,"url":"https:\/\/ervy.ch\/wp-content\/uploads\/2021\/11\/VARIANA_11953-09_2_ST.jpg","type":"image\/jpeg"}],"twitter_card":"summary_large_image","twitter_misc":{"Availability":"On backorder"},"schema":{"@context":"https:\/\/schema.org","@graph":[{"@type":"WebPage","@id":"https:\/\/ervy.ch\/product\/blauer-wettkampfanzug-variana-2-florales-design-print\/","url":"https:\/\/ervy.ch\/product\/blauer-wettkampfanzug-variana-2-florales-design-print\/","name":"Wettkampfanzug VARIANA\/2 - Turnanz\u00fcge Made in Germany","isPartOf":{"@id":"https:\/\/ervy.ch\/#website"},"primaryImageOfPage":{"@id":"https:\/\/ervy.ch\/product\/blauer-wettkampfanzug-variana-2-florales-design-print\/#primaryimage"},"image":{"@id":"https:\/\/ervy.ch\/product\/blauer-wettkampfanzug-variana-2-florales-design-print\/#primaryimage"},"thumbnailUrl":"https:\/\/ervy.ch\/wp-content\/uploads\/2021\/11\/VARIANA_11953-09_2_ST.jpg","datePublished":"2021-11-18T08:55:51+00:00","dateModified":"2025-07-01T06:36:21+00:00","description":"Der blaue Wettkampfanzug VARIANA mit 3\/4 langen \u00c4rmeln und einem floralen Printdesign auf T\u00fcll ist ein modischer Eycatcher bei jedem Auftritt","breadcrumb":{"@id":"https:\/\/ervy.ch\/product\/blauer-wettkampfanzug-variana-2-florales-design-print\/#breadcrumb"},"inLanguage":"en-US","potentialAction":[{"@type":"ReadAction","target":["https:\/\/ervy.ch\/product\/blauer-wettkampfanzug-variana-2-florales-design-print\/"]}]},{"@type":"ImageObject","inLanguage":"en-US","@id":"https:\/\/ervy.ch\/product\/blauer-wettkampfanzug-variana-2-florales-design-print\/#primaryimage","url":"https:\/\/ervy.ch\/wp-content\/uploads\/2021\/11\/VARIANA_11953-09_2_ST.jpg","contentUrl":"https:\/\/ervy.ch\/wp-content\/uploads\/2021\/11\/VARIANA_11953-09_2_ST.jpg","width":700,"height":1000,"caption":"Eleganter Turnanzug 3\/4 Arm in gl\u00e4nzendem blau"},{"@type":"BreadcrumbList","@id":"https:\/\/ervy.ch\/product\/blauer-wettkampfanzug-variana-2-florales-design-print\/#breadcrumb","itemListElement":[{"@type":"ListItem","position":1,"name":"Startseite","item":"https:\/\/ervy.ch\/"},{"@type":"ListItem","position":2,"name":"Shop","item":"https:\/\/ervy.ch\/shop\/"},{"@type":"ListItem","position":3,"name":"Wettkampfanzug VARIANA\/2"}]},{"@type":"WebSite","@id":"https:\/\/ervy.ch\/#website","url":"https:\/\/ervy.ch\/","name":"Turnanz\u00fcge Made in Germany","description":"ERVY Schweiz-Vertretung","publisher":{"@id":"https:\/\/ervy.ch\/#organization"},"potentialAction":[{"@type":"SearchAction","target":{"@type":"EntryPoint","urlTemplate":"https:\/\/ervy.ch\/?s={search_term_string}"},"query-input":{"@type":"PropertyValueSpecification","valueRequired":true,"valueName":"search_term_string"}}],"inLanguage":"en-US"},{"@type":"Organization","@id":"https:\/\/ervy.ch\/#organization","name":"ERVY Sports Fashion GmbH","url":"https:\/\/ervy.ch\/","logo":{"@type":"ImageObject","inLanguage":"en-US","@id":"https:\/\/ervy.ch\/#\/schema\/logo\/image\/","url":"https:\/\/ervy.ch\/wp-content\/uploads\/2021\/03\/cropped-ERVY-Logo_JUST-SPORTS_Hintergrund_300x300.png","contentUrl":"https:\/\/ervy.ch\/wp-content\/uploads\/2021\/03\/cropped-ERVY-Logo_JUST-SPORTS_Hintergrund_300x300.png","width":512,"height":512,"caption":"ERVY Sports Fashion GmbH"},"image":{"@id":"https:\/\/ervy.ch\/#\/schema\/logo\/image\/"},"sameAs":["https:\/\/www.facebook.com\/ERVYSportsFashion","https:\/\/www.instagram.com\/ervy_sports_fashion\/?hl=de","https:\/\/www.pinterest.de\/ervysportsfashion\/","https:\/\/www.youtube.com\/channel\/UCwzRAG_B8mAIfVPXGwfdYhA","https:\/\/www.tiktok.com\/@ervysports"]}]},"og_availability":"backorder","product_availability":"available for order","product_retailer_item_id":"11953.09\/2","product_condition":"new"},"_links":{"self":[{"href":"https:\/\/ervy.ch\/en\/wp-json\/wp\/v2\/product\/28210","targetHints":{"allow":["GET"]}}],"collection":[{"href":"https:\/\/ervy.ch\/en\/wp-json\/wp\/v2\/product"}],"about":[{"href":"https:\/\/ervy.ch\/en\/wp-json\/wp\/v2\/types\/product"}],"wp:featuredmedia":[{"embeddable":true,"href":"https:\/\/ervy.ch\/en\/wp-json\/wp\/v2\/media\/28206"}],"wp:attachment":[{"href":"https:\/\/ervy.ch\/en\/wp-json\/wp\/v2\/media?parent=28210"}],"wp:term":[{"taxonomy":"product_brand","embeddable":true,"href":"https:\/\/ervy.ch\/en\/wp-json\/wp\/v2\/product_brand?post=28210"},{"taxonomy":"product_cat","embeddable":true,"href":"https:\/\/ervy.ch\/en\/wp-json\/wp\/v2\/product_cat?post=28210"},{"taxonomy":"product_tag","embeddable":true,"href":"https:\/\/ervy.ch\/en\/wp-json\/wp\/v2\/product_tag?post=28210"}],"curies":[{"name":"wp","href":"https:\/\/api.w.org\/{rel}","templated":true}]}}